{"id":4011,"date":"2026-04-21T07:32:31","date_gmt":"2026-04-21T07:32:31","guid":{"rendered":"https:\/\/usaktaksicisi.com\/?page_id=4011"},"modified":"2026-04-21T07:34:58","modified_gmt":"2026-04-21T07:34:58","slug":"ataturk-ve-etnografya-muzesi","status":"publish","type":"page","link":"https:\/\/usaktaksicisi.com\/?page_id=4011","title":{"rendered":"Atat\u00fcrk Ve Etnografya M\u00fczesi"},"content":{"rendered":"<p><img data-dominant-color=\"788190\" data-has-transparency=\"false\" style=\"--dominant-color: #788190;\" loading=\"lazy\" decoding=\"async\" class=\"aligncenter wp-image-4012 size-full not-transparent\" src=\"https:\/\/usaktaksicisi.com\/wp-content\/uploads\/2026\/04\/Ataturk-Ve-Etnografya-Muzesiz.jpg\" alt=\"\" width=\"516\" height=\"290\" srcset=\"https:\/\/usaktaksicisi.com\/wp-content\/uploads\/2026\/04\/Ataturk-Ve-Etnografya-Muzesiz.jpg 516w, https:\/\/usaktaksicisi.com\/wp-content\/uploads\/2026\/04\/Ataturk-Ve-Etnografya-Muzesiz-300x169.jpg 300w\" sizes=\"auto, (max-width: 516px) 100vw, 516px\" \/><\/p>\n<h2 class=\"BK5CCe pb3iw\">U\u015fak Atat\u00fcrk Ve Etnografya M\u00fczesi<\/h2>\n<p>1 Eyl\u00fcl 1978 tarihinde a\u00e7\u0131lan m\u00fcze binas\u0131 Osmanl\u0131 d\u00f6nemi yap\u0131s\u0131 olup \u0130stiklal Sava\u015f\u0131ndan sonra Yunan Ba\u015f Komutan\u0131 Trikopis\u2019in esir al\u0131nd\u0131\u011f\u0131 yerdir. Ba\u015fkomutan Trikopis esir olmas\u0131na ra\u011fmen Atat\u00fcrk taraf\u0131ndan T\u00fcrk misafirperverli\u011fi ile kar\u015f\u0131lanm\u0131\u015ft\u0131r. \u0130ki katl\u0131 ah\u015fap yap\u0131n\u0131n giri\u015f kat\u0131nda y\u00f6resel etnografik malzemeler, eski silahlar, giysiler, tak\u0131lar ve di\u011fer eserler sergilenmektedir. \u00dcst kat\u0131n tamam\u0131 Atat\u00fcrk M\u00fczesi olarak d\u00fczenlenmi\u015ftir. O d\u00f6nemden kalma aynalar, sehpalar, koltuklar, Atat\u00fcrk&#8217;e ait yatak odas\u0131 ve yine Atat\u00fcrk&#8217;e ait giysiler bulunmaktad\u0131r.<\/p>\n","protected":false},"excerpt":{"rendered":"<p>U\u015fak Atat\u00fcrk Ve Etnografya M\u00fczesi 1 Eyl\u00fcl 1978 tarihinde a\u00e7\u0131lan m\u00fcze binas\u0131 Osmanl\u0131 d\u00f6nemi yap\u0131s\u0131 olup \u0130stiklal Sava\u015f\u0131ndan sonra Yunan Ba\u015f Komutan\u0131 Trikopis\u2019in esir al\u0131nd\u0131\u011f\u0131 yerdir. Ba\u015fkomutan Trikopis esir olmas\u0131na ra\u011fmen Atat\u00fcrk taraf\u0131ndan T\u00fcrk misafirperverli\u011fi ile kar\u015f\u0131lanm\u0131\u015ft\u0131r. \u0130ki katl\u0131 ah\u015fap yap\u0131n\u0131n giri\u015f kat\u0131nda y\u00f6resel etnografik malzemeler, eski silahlar, giysiler, tak\u0131lar ve di\u011fer eserler sergilenmektedir. \u00dcst<br \/><a class=\"moretag\" href=\"https:\/\/usaktaksicisi.com\/?page_id=4011\">+ Read More<\/a><\/p>\n","protected":false},"author":1,"featured_media":0,"parent":0,"menu_order":0,"comment_status":"closed","ping_status":"closed","template":"templates\/page-fullwidth_template.php","meta":{"_joinchat":[],"footnotes":""},"class_list":["post-4011","page","type-page","status-publish","hentry"],"_links":{"self":[{"href":"https:\/\/usaktaksicisi.com\/index.php?rest_route=\/wp\/v2\/pages\/4011","targetHints":{"allow":["GET"]}}],"collection":[{"href":"https:\/\/usaktaksicisi.com\/index.php?rest_route=\/wp\/v2\/pages"}],"about":[{"href":"https:\/\/usaktaksicisi.com\/index.php?rest_route=\/wp\/v2\/types\/page"}],"author":[{"embeddable":true,"href":"https:\/\/usaktaksicisi.com\/index.php?rest_route=\/wp\/v2\/users\/1"}],"replies":[{"embeddable":true,"href":"https:\/\/usaktaksicisi.com\/index.php?rest_route=%2Fwp%2Fv2%2Fcomments&post=4011"}],"version-history":[{"count":4,"href":"https:\/\/usaktaksicisi.com\/index.php?rest_route=\/wp\/v2\/pages\/4011\/revisions"}],"predecessor-version":[{"id":4016,"href":"https:\/\/usaktaksicisi.com\/index.php?rest_route=\/wp\/v2\/pages\/4011\/revisions\/4016"}],"wp:attachment":[{"href":"https:\/\/usaktaksicisi.com\/index.php?rest_route=%2Fwp%2Fv2%2Fmedia&parent=4011"}],"curies":[{"name":"wp","href":"https:\/\/api.w.org\/{rel}","templated":true}]}}